{"id":17775,"date":"2023-12-07T17:32:38","date_gmt":"2023-12-07T17:32:38","guid":{"rendered":"https:\/\/uatnew.boseprofessional.com\/products\/uncategorized\/arenamatch-utility-amu208-small-format-foreground-fill-loudspeaker"},"modified":"2025-07-02T16:17:31","modified_gmt":"2025-07-02T16:17:31","slug":"arenamatch-amu208-compact-high-performance-loudspeaker","status":"publish","type":"product","link":"https:\/\/boseprofessional.com\/fr\/products\/loudspeakers\/surface-mount\/amu\/arenamatch-amu208-compact-high-performance-loudspeaker\/","title":{"rendered":"ArenaMatch AMU208 compact high-performance loudspeaker"},"content":{"rendered":"","protected":false},"excerpt":{"rendered":"<p>Con\u00e7u pour une couverture de zone compl\u00e8te ou pour la musique de premier plan \u00e0 niveau de pression acoustique \u00e9lev\u00e9, Bose Professional ArenaMatch Utilitaire enceintes pr\u00e9senter un \u00e9quilibre tonal similaire \u00e0 ArenaMatch Des modules de matrice, mais dans des formats compacts. Ils utilisent le m\u00eame pilote de compression EMB2S que ArenaMatch Ces syst\u00e8mes d'enceintes garantissent un son homog\u00e8ne et une protection contre les intemp\u00e9ries IP55. D\u00e9ployez-les pour une couverture optimale des stades, ar\u00e8nes, centres de loisirs en plein air et autres lieux similaires. Vous pouvez \u00e9galement les utiliser pour une diffusion sonore claire et puissante dans tous les espaces ext\u00e9rieurs, des lieux intimistes comme les brasseries et les parcs d'attractions aux grands complexes h\u00f4teliers et centres commerciaux \u00e0 ciel ouvert.<\/p>\n<p>L'AMU208 est un petit format ArenaMatch Mod\u00e8le utilitaire pour applications ext\u00e9rieures n\u00e9cessitant une excellente qualit\u00e9 audio dans un format compact enceinte Il offre une couverture large et uniforme gr\u00e2ce \u00e0 un pavillon haute fr\u00e9quence \u00e0 directivit\u00e9 constante de 90\u00b0 \u00d7 60\u00b0, une r\u00e9ponse en fr\u00e9quence de 70 Hz \u00e0 16 kHz, un niveau de pression acoustique maximal de 126 dB et prend en charge les registres vocaux les plus graves gr\u00e2ce \u00e0 deux haut-parleurs. Bose Professional Haut-parleurs de graves LF8 de 8 pouces.<\/p>\n","protected":false},"featured_media":138352,"template":"","meta":{"_acf_changed":false,"ep_exclude_from_search":false},"product_brand":[],"product_cat":[3088,3077,3081],"product_tag":[],"class_list":{"0":"post-17775","1":"product","2":"type-product","3":"status-publish","4":"has-post-thumbnail","6":"product_cat-amu","7":"product_cat-loudspeakers","8":"product_cat-surface-mount","9":"bose_series_name-arenamatch-utility","10":"bose_doc_category-compliance_documents","11":"bose_doc_category-loudspeaker-files","12":"bose_doc_category-cad_files","13":"bose_doc_category-product_images_zip","14":"bose_doc_category-technical-information","15":"bose_doc_category-user_documentation","17":"first","18":"instock","19":"shipping-taxable","20":"product-type-variable"},"acf":[],"_links":{"self":[{"href":"https:\/\/boseprofessional.com\/fr\/wp-json\/wp\/v2\/product\/17775","targetHints":{"allow":["GET"]}}],"collection":[{"href":"https:\/\/boseprofessional.com\/fr\/wp-json\/wp\/v2\/product"}],"about":[{"href":"https:\/\/boseprofessional.com\/fr\/wp-json\/wp\/v2\/types\/product"}],"version-history":[{"count":2,"href":"https:\/\/boseprofessional.com\/fr\/wp-json\/wp\/v2\/product\/17775\/revisions"}],"predecessor-version":[{"id":165868,"href":"https:\/\/boseprofessional.com\/fr\/wp-json\/wp\/v2\/product\/17775\/revisions\/165868"}],"wp:featuredmedia":[{"embeddable":true,"href":"https:\/\/boseprofessional.com\/fr\/wp-json\/wp\/v2\/media\/138352"}],"wp:attachment":[{"href":"https:\/\/boseprofessional.com\/fr\/wp-json\/wp\/v2\/media?parent=17775"}],"wp:term":[{"taxonomy":"product_brand","embeddable":true,"href":"https:\/\/boseprofessional.com\/fr\/wp-json\/wp\/v2\/product_brand?post=17775"},{"taxonomy":"product_cat","embeddable":true,"href":"https:\/\/boseprofessional.com\/fr\/wp-json\/wp\/v2\/product_cat?post=17775"},{"taxonomy":"product_tag","embeddable":true,"href":"https:\/\/boseprofessional.com\/fr\/wp-json\/wp\/v2\/product_tag?post=17775"}],"curies":[{"name":"wp","href":"https:\/\/api.w.org\/{rel}","templated":true}]}}