{"id":14960,"date":"2023-10-04T08:09:26","date_gmt":"2023-10-04T08:09:26","guid":{"rendered":"https:\/\/uatnew.boseprofessional.com\/?post_type=case-studies&#038;p=14960"},"modified":"2025-04-09T19:58:33","modified_gmt":"2025-04-09T19:58:33","slug":"galeria-plaza-san-jeronimo","status":"publish","type":"case-studies","link":"https:\/\/boseprofessional.com\/fr\/applications\/case-studies\/galeria-plaza-san-jeronimo\/","title":{"rendered":"Galer\u00eda Plaza San Jer\u00f3nimo"},"content":{"rendered":"\n<div class=\"bp_case-study-content\">\n<div id=\"bpStickyOnScrollNav\" class=\"bp_sticky-scroll-nav-wrap\">\n<div class=\"bp_sticky-scroll-nav-container bp_content-max-width\">\n<div class=\"bp_sticky-scroll-left\">\n<div class=\"bp_sticky-nav-drop-menu-selector\">\n<p class=\"bp_sticky-nav-drop-selected-label\">S\u00e9lectionner...<\/p>\n\n\n\n<div class=\"bp_sticky-nav-drop-arrow bp_site-icons\"><\/div>\n<\/div>\n\n\n\n<div class=\"bp_sticky-nav-list\"><ul><li><a href=\"#about\">\u00c0 propos <\/a><\/li><li><a href=\"#components\">Composants<\/a><\/li><li><a href=\"#downloads\">T\u00e9l\u00e9chargements<\/a><\/li><li><\/li><\/ul><\/div>\n<\/div>\n\n\n\n<div class=\"bp_sticky-scroll-right\">\n<a class=\"bp_rounded-btn-light-filled-navbar cc-btn\" href=\"https:\/\/www.boseprofessional.com\/contact-a-dealer\">Contacter un revendeur<\/a> <a class=\"bp_rounded-btn-light-filled-navbar cc-btn\" href=\"https:\/\/www.boseprofessional.com\/company\/about-us\">Pourquoi Bose Professional<\/a>\n<\/div>\n<\/div>\n\n\n<p>\n<script>\nvar inPageNavOffset, pageAnchorScrolled;\nvar fixedOffsetNav = jQuery(\"#bpStickyOnScrollNav\").offset().top;\nvar fixedOffsetHeader = jQuery('.bp_site-header').offset().top;\nfunction calculateScrollTop(element) {\n    var navElement = jQuery(\"#bpStickyOnScrollNav\");\n    var scrollTop = jQuery(element).offset().top;\t\n    if (navElement.offset().top > jQuery(window).scrollTop()) {\n\t\tif( navElement.hasClass(\"sticky\")){\n\t\t\tscrollTop = jQuery(element).offset().top - jQuery('.bp_site-header').outerHeight() ;\n\t\t}else{\n\t\t\tscrollTop = jQuery(element).offset().top - jQuery('.bp_site-header').outerHeight() - navElement.outerHeight();\n\t\t}       \n    }\n    \/\/scrollTop -= navElement.hasClass(\"sticky\") ? navElement.outerHeight() : 0;\n\tscrollTop -= ((jQuery(element).offset().top - navElement.outerHeight()) > fixedOffsetNav) ? navElement.outerHeight() : 0;\n    jQuery(\"html\").animate({ scrollTop: scrollTop }, 300);\n\tpageAnchorScrolled = true;\n    window.location.hash = element;\n}\nfunction updateInPageOffset() {\n    jQuery(\"#bpStickyOnScrollNav\").removeClass(\"sticky\");\n    inPageNavOffset = jQuery(\"#bpStickyOnScrollNav\").offset().top - jQuery(\".bp_site-header\").outerHeight();\n}\n\njQuery(window).on(\"resize\", function () {\n    updateInPageOffset();\n}),\n    jQuery(document).ready(function () {\n        updateInPageOffset(),\n            jQuery(window).bind(\"scroll\", function () {\n                jQuery(window).scrollTop() > inPageNavOffset ? jQuery(\"#bpStickyOnScrollNav\").addClass(\"sticky\") : jQuery(\"#bpStickyOnScrollNav\").removeClass(\"sticky\");\n            }),\n            jQuery(\".bp_sticky-nav-list ul li a\").on(\"click\", function (t) {\n                t.preventDefault(), calculateScrollTop(this.hash), jQuery(\".bp_sticky-nav-list ul li a\").removeClass(\"current-tab\"), jQuery(this).addClass(\"current-tab\");\n            }),\n            jQuery(window).scroll(function () {\n                var t = jQuery(window).scrollTop();\n\t\t\t\tif (!pageAnchorScrolled) {\n\t\t\t\t\tjQuery(\".bp_page-navigation-content\").each(function () {\n\t\t\t\t\t\tvar s = jQuery(this).offset().top;\n\t\t\t\t\t\tif (t >= s - 210 && t <= s + jQuery(this).height()) {\n\t\t\t\t\t\t\tvar i = jQuery(this).attr(\"id\");\n\t\t\t\t\t\t\tjQuery(\".bp_sticky-nav-list ul li a\").removeClass(\"current-tab\");\n\t\t\t\t\t\t\tif (getWidth() > 1023) {\n\t\t\t\t\t\t\t\tjQuery(`.bp_sticky-nav-list ul li a[href=\"#${i}\"]`).addClass(\"current-tab\");\t\n\t\t\t\t\t\t\t}\n\n\t\t\t\t\t\t}\n\t\t\t\t\t});\n\t\t\t\t}\n\t\t\t\tpageAnchorScrolled = false;\n            }),\n            jQuery(\".bp_sticky-nav-drop-menu-selector\").on(\"click\", function () {\n                jQuery(\".bp_sticky-nav-list\").hasClass(\"open\")\n                    ? (jQuery(\".bp_sticky-nav-list\").slideUp(), jQuery(\".bp_sticky-nav-list\").removeClass(\"open\"))\n                    : (jQuery(\".bp_sticky-nav-list\").slideDown(), jQuery(\".bp_sticky-nav-list\").addClass(\"open\")),\n                    jQuery(\".bp_sticky-nav-list\").hasClass(\"open\") &&\n                        jQuery(\".bp_sticky-nav-list ul li a\").on(\"click\", function () {\n                            jQuery(\".bp_sticky-nav-list\").slideUp(),\n                                jQuery(\".bp_sticky-nav-list\").removeClass(\"open\"),\n                                jQuery(\".bp_sticky-nav-list ul li a\").removeClass(\"selected-item\"),\n                                jQuery(this).addClass(\"selected-item\"),\n                                jQuery(\".bp_sticky-nav-drop-menu-selector p\").text(jQuery(this).text());\n                        });\n            }),\n            jQuery(window).bind(\"resize\", function () {\n                getWidth() >= 1024\n                    ? (jQuery(\".bp_sticky-nav-list ul li a\").off(\"click\"),\n                      jQuery(\".bp_sticky-nav-list\").show(),\n                      jQuery(\".bp_sticky-nav-list\").removeClass(\"open\"),\n                      jQuery(\".bp_sticky-nav-list ul li a\").removeClass(\"selected-item\"),\n                      jQuery(\".bp_sticky-nav-list ul li a\").on(\"click\", function (t) {\n                          t.preventDefault(), calculateScrollTop(this.hash), jQuery(\".bp_sticky-nav-list ul li a\").removeClass(\"current-tab\"), jQuery(this).addClass(\"current-tab\");\n                      }))\n                    : (jQuery(\".bp_sticky-nav-list ul li a\").removeClass(\"current-tab\"), jQuery(\".bp_sticky-nav-list\").slideUp());\n            }),\n            jQuery(document).on(\"click\", function (t) {\n                1024 > getWidth() && !jQuery(\".bp_sticky-nav-drop-menu-selector\")[0].contains(t.target) && (jQuery(\".bp_sticky-nav-list\").slideUp(), jQuery(\".bp_sticky-nav-list\").removeClass(\"open\"));\n            });\n    });\n\n\n<\/script><\/p>\n<\/div>\n\n\n\n<section id=\"about\" class=\"bp_page-navigation-content cc-sct\">\n<div class=\"bp_content-max-width cc-cntr\">\n<h2 class=\"bp_case-study-about-title bp_display-font-thin-48\">LE PROJET<\/h2>\n\n\n\n<div class=\"div-cc1ff6f bp_ltr-image-copy-block bp_rtl-image-copy-block\">\n<div class=\"div-cbf91f4 bp_image-copy-block-left\">\n<img loading=\"lazy\" decoding=\"async\" class=\"cc-img\" src=\"https:\/\/assets.boseprofessional.com\/transform\/cf0345c2-b049-4566-8984-7cfdd7dd4955\/sanjeronimo_image2-jpeg?io=transform:fill,width:600&amp;format=webp&amp;quality=85\" srcset=\"https:\/\/assets.boseprofessional.com\/transform\/cf0345c2-b049-4566-8984-7cfdd7dd4955\/sanjeronimo_image2-jpeg?io=transform:fill,width:600&amp;format=webp&amp;quality=85 600w, https:\/\/assets.boseprofessional.com\/transform\/cf0345c2-b049-4566-8984-7cfdd7dd4955\/sanjeronimo_image2-jpeg?io=transform:fill,width:150&amp;quality=85 150w, https:\/\/assets.boseprofessional.com\/transform\/cf0345c2-b049-4566-8984-7cfdd7dd4955\/sanjeronimo_image2-jpeg?io=transform:fill,width:300&amp;quality=85 300w, https:\/\/assets.boseprofessional.com\/transform\/cf0345c2-b049-4566-8984-7cfdd7dd4955\/sanjeronimo_image2-jpeg?io=transform:fill,width:480&amp;quality=85 480w, https:\/\/assets.boseprofessional.com\/transform\/cf0345c2-b049-4566-8984-7cfdd7dd4955\/sanjeronimo_image2-jpeg?io=transform:fill,width:100&amp;quality=85 100w\" sizes=\"auto, (max-width: 600px) 100vw, 600px\" width=\"600\" height=\"403\" alt=\"Fa\u00e7ade en verre du Galer\u00eda Plaza\" \"lazy\">\n<\/div>\n\n\n\n<div class=\"div-c25c929 bp_image-copy-block-right\">\n<p>Grupo Brisas est l'un des groupes h\u00f4teliers les plus r\u00e9put\u00e9s du Mexique, dont l'objectif est d'offrir une exp\u00e9rience unique \u00e0 chaque client. Son nom s'inspire du l\u00e9gendaire Las Brisas Acapulco Resort, \u00e9tablissement embl\u00e9matique du milieu du XXe si\u00e8cle qui a incarn\u00e9 le luxe et l'excellence dans l'h\u00f4tellerie mexicaine.\u00a0<\/p>\n\n\n\n<p>Galer\u00eda Plaza est la marque d'h\u00f4tels d'affaires du Grupo Brisas, con\u00e7ue pour le voyageur d'affaires moderne, efficace et sans complications. Ses services, ax\u00e9s sur la connectivit\u00e9 et la technologie, surpassent les attentes les plus exigeantes de ses clients.<\/p>\n\n\n\n<p>L\u2019h\u00f4tel Galer\u00eda Plaza San Jer\u00f3nimo propose \u00e0 ses visiteurs 141\u00a0chambres et 10\u00a0suites, toutes \u00e9quip\u00e9es de technologies dernier cri, ainsi qu\u2019un restaurant spacieux, un bar moderne, un superbe jardin sur le toit dot\u00e9 d\u2019une piscine, deux\u00a0grandes terrasses avec vue sur des jardins, un club pour les professionnels, un centre d\u2019affaires, une salle de sport et un studio de yoga.<\/p>\n<\/div>\n<\/div>\n\n\n\n<div class=\"div-c759d9a bp_ltr-image-copy-block\">\n<div class=\"div-c363bed bp_image-copy-block-left\">\n<img loading=\"lazy\" decoding=\"async\" class=\"cc-img\" src=\"https:\/\/assets.boseprofessional.com\/transform\/2d9eccd9-3dac-4f54-a747-02618a068bd5\/sanjeronimo_image3-jpeg\" srcset=\"https:\/\/assets.boseprofessional.com\/transform\/2d9eccd9-3dac-4f54-a747-02618a068bd5\/sanjeronimo_image3-jpeg 1920w, https:\/\/assets.boseprofessional.com\/transform\/2d9eccd9-3dac-4f54-a747-02618a068bd5\/sanjeronimo_image3-jpeg?io=transform:scale,width:150,height:101 150w, https:\/\/assets.boseprofessional.com\/transform\/2d9eccd9-3dac-4f54-a747-02618a068bd5\/sanjeronimo_image3-jpeg?io=transform:scale,width:300,height:202 300w, https:\/\/assets.boseprofessional.com\/transform\/2d9eccd9-3dac-4f54-a747-02618a068bd5\/sanjeronimo_image3-jpeg?io=transform:scale,width:1024,height:688 1024w, https:\/\/assets.boseprofessional.com\/transform\/2d9eccd9-3dac-4f54-a747-02618a068bd5\/sanjeronimo_image3-jpeg?io=transform:scale,width:1536,height:1032 1536w, https:\/\/assets.boseprofessional.com\/transform\/2d9eccd9-3dac-4f54-a747-02618a068bd5\/sanjeronimo_image3-jpeg?io=transform:scale,width:480,height:323 480w, https:\/\/assets.boseprofessional.com\/transform\/2d9eccd9-3dac-4f54-a747-02618a068bd5\/sanjeronimo_image3-jpeg?io=transform:scale,width:768,height:516 768w, https:\/\/assets.boseprofessional.com\/transform\/2d9eccd9-3dac-4f54-a747-02618a068bd5\/sanjeronimo_image3-jpeg?io=transform:scale,width:100,height:67 100w\" sizes=\"auto, (max-width: 1920px) 100vw, 1920px\" width=\"1920\" height=\"1290\" alt=\"Salle de r\u00e9ception du Galer\u00eda Plaza San Jer\u00f3nimo\" \"lazy\">\n<\/div>\n\n\n\n<div class=\"div-cca30f2 bp_image-copy-block-right\">\n<p>La salle de bal San Jer\u00f3nimo, un espace polyvalent de 940 m\u00e8tres carr\u00e9s, est \u00e9galement disponible pour les pr\u00e9sentations, les expositions, les c\u00e9l\u00e9brations et les conf\u00e9rences. Cet espace modulable peut accueillir jusqu'\u00e0 900 personnes et se divise en six salles distinctes pour r\u00e9pondre aux besoins des visiteurs.\u00a0<\/p>\n\n\n\n<p>L'exp\u00e9rience audio est un \u00e9l\u00e9ment essentiel pour attirer les clients qui organisent des c\u00e9l\u00e9brations, des conf\u00e9rences, des congr\u00e8s et des expositions \u00e0 l'h\u00f4tel. La concurrence est forte dans le secteur h\u00f4telier local pour s\u00e9duire les nombreuses grandes entreprises, institutions publiques, \u00e9coles et universit\u00e9s en qu\u00eate du lieu le plus confortable et fonctionnel pour leurs \u00e9v\u00e9nements. C'est pourquoi le Grupo Brisas a investi dans une solution audiovisuelle compl\u00e8te qui met en valeur le cadre exceptionnel de l'\u00e9tablissement.<\/p>\n<\/div>\n<\/div>\n\n\n\n<h3 class=\"bp_case-studies-inner-titles bp_display-font-thin-32\">LE BOSE PROFESSIONAL SOLUTION<\/h3>\n\n\n\n<div class=\"div-c1a9a76 bp_ltr-image-copy-block bp_rtl-image-copy-block\">\n<div class=\"div-c2c24c6 bp_image-copy-block-left\">\n<img loading=\"lazy\" decoding=\"async\" class=\"cc-img\" src=\"https:\/\/assets.boseprofessional.com\/transform\/3234244b-27c1-4fa9-b824-2d70cce17569\/sanjeronimo_image4-jpeg\" srcset=\"https:\/\/assets.boseprofessional.com\/transform\/3234244b-27c1-4fa9-b824-2d70cce17569\/sanjeronimo_image4-jpeg 1920w, https:\/\/assets.boseprofessional.com\/transform\/3234244b-27c1-4fa9-b824-2d70cce17569\/sanjeronimo_image4-jpeg?io=transform:scale,width:150,height:101 150w, https:\/\/assets.boseprofessional.com\/transform\/3234244b-27c1-4fa9-b824-2d70cce17569\/sanjeronimo_image4-jpeg?io=transform:scale,width:300,height:202 300w, https:\/\/assets.boseprofessional.com\/transform\/3234244b-27c1-4fa9-b824-2d70cce17569\/sanjeronimo_image4-jpeg?io=transform:scale,width:1024,height:688 1024w, https:\/\/assets.boseprofessional.com\/transform\/3234244b-27c1-4fa9-b824-2d70cce17569\/sanjeronimo_image4-jpeg?io=transform:scale,width:1536,height:1032 1536w, https:\/\/assets.boseprofessional.com\/transform\/3234244b-27c1-4fa9-b824-2d70cce17569\/sanjeronimo_image4-jpeg?io=transform:scale,width:480,height:323 480w, https:\/\/assets.boseprofessional.com\/transform\/3234244b-27c1-4fa9-b824-2d70cce17569\/sanjeronimo_image4-jpeg?io=transform:scale,width:768,height:516 768w, https:\/\/assets.boseprofessional.com\/transform\/3234244b-27c1-4fa9-b824-2d70cce17569\/sanjeronimo_image4-jpeg?io=transform:scale,width:100,height:67 100w\" sizes=\"auto, (max-width: 1920px) 100vw, 1920px\" width=\"1920\" height=\"1290\" alt=\"Vue sur une cuisine \u00e0 travers des panneaux de verre\" \"lazy\">\n<\/div>\n\n\n\n<div class=\"div-caaef11 bp_image-copy-block-right\">\n<p>Le groupe s\u2019est associ\u00e9 \u00e0 Tecnolog\u00eda en Sistemas Especiales (TSE), une entreprise sp\u00e9cialis\u00e9e dans l\u2019int\u00e9gration informatique et audiovisuelle, pour l\u2019int\u00e9gration du syst\u00e8me audio aux plans architecturaux et techniques. Cette mesure \u00e9tait essentielle pour d\u00e9velopper le meilleur syst\u00e8me audio possible pour l\u2019h\u00f4tel Galer\u00eda Plaza San Jer\u00f3nimo.\u00a0<\/p>\n\n\n\n<p>Le syst\u00e8me audio devait cr\u00e9er une ambiance unique dans tous les espaces communs de l'h\u00f4tel, notamment dans la salle de bal San Jer\u00f3nimo, o\u00f9 sa modularit\u00e9 permettrait de r\u00e9pondre aux besoins vari\u00e9s de sa client\u00e8le. Dans la nouvelle galerie Plaza San Jer\u00f3nimo, le syst\u00e8me audio offrirait une exp\u00e9rience luxueuse et confortable aux clients de l'h\u00f4tel.<\/p>\n\n\n\n<p>Pour ce projet, l'\u00e9quipe TSE a con\u00e7u un syst\u00e8me compos\u00e9 exclusivement de Bose Professional L'\u00e9quipement comprenait plus de 120 enceintes de diff\u00e9rents mod\u00e8les de la EdgeMax et FreeSpace gammes de produits, PowerMatch et PowerShare amplificateurs , ControlSpace Signal DSP processeurs et mur commandes Le syst\u00e8me \u00e9tait divis\u00e9 en dix zones audio ind\u00e9pendantes, toutes fonctionnant via un Dante r\u00e9seau.<\/p>\n<\/div>\n<\/div>\n\n\n\n<div class=\"div-c768ddb bp_ltr-image-copy-block\">\n<div class=\"div-ce73e1f bp_image-copy-block-left\">\n<img loading=\"lazy\" decoding=\"async\" class=\"cc-img\" src=\"https:\/\/assets.boseprofessional.com\/transform\/bb1c4251-c9dd-4a64-bd2f-7a8778707190\/sanjeronimo_image1-jpeg\" srcset=\"https:\/\/assets.boseprofessional.com\/transform\/bb1c4251-c9dd-4a64-bd2f-7a8778707190\/sanjeronimo_image1-jpeg 1920w, https:\/\/assets.boseprofessional.com\/transform\/bb1c4251-c9dd-4a64-bd2f-7a8778707190\/sanjeronimo_image1-jpeg?io=transform:scale,width:150,height:101 150w, https:\/\/assets.boseprofessional.com\/transform\/bb1c4251-c9dd-4a64-bd2f-7a8778707190\/sanjeronimo_image1-jpeg?io=transform:scale,width:300,height:202 300w, https:\/\/assets.boseprofessional.com\/transform\/bb1c4251-c9dd-4a64-bd2f-7a8778707190\/sanjeronimo_image1-jpeg?io=transform:scale,width:1024,height:688 1024w, https:\/\/assets.boseprofessional.com\/transform\/bb1c4251-c9dd-4a64-bd2f-7a8778707190\/sanjeronimo_image1-jpeg?io=transform:scale,width:1536,height:1032 1536w, https:\/\/assets.boseprofessional.com\/transform\/bb1c4251-c9dd-4a64-bd2f-7a8778707190\/sanjeronimo_image1-jpeg?io=transform:scale,width:480,height:323 480w, https:\/\/assets.boseprofessional.com\/transform\/bb1c4251-c9dd-4a64-bd2f-7a8778707190\/sanjeronimo_image1-jpeg?io=transform:scale,width:768,height:516 768w, https:\/\/assets.boseprofessional.com\/transform\/bb1c4251-c9dd-4a64-bd2f-7a8778707190\/sanjeronimo_image1-jpeg?io=transform:scale,width:100,height:67 100w\" sizes=\"auto, (max-width: 1920px) 100vw, 1920px\" width=\"1920\" height=\"1290\" alt=\"Plafond de la salle de r\u00e9ception du Galer\u00eda Plaza San Jer\u00f3nimo\" \"lazy\">\n<\/div>\n\n\n\n<div class=\"div-c8705ad bp_image-copy-block-right\">\n<p>La plus grande difficult\u00e9 a \u00e9t\u00e9 de garantir la polyvalence du syst\u00e8me audio de la salle de r\u00e9ception, sans nuire \u00e0 la qualit\u00e9 de l\u2019exp\u00e9rience acoustique qui fait la renomm\u00e9e de Bose Professional.\u00a0<\/p>\n\n\n\n<p>TSE a utilis\u00e9 le Bose Professional Modeler Logiciel audio, programme de mod\u00e9lisation 3D pour la conception et l'analyse acoustiques. La mod\u00e9lisation a d\u00e9fini lequel Bose Professional enceinte Le syst\u00e8me a fourni la qualit\u00e9 sonore et la puissance n\u00e9cessaires pour offrir une exp\u00e9rience optimale dans toute la salle de bal. Il s'agit d'un syst\u00e8me de 20 haut-parleurs. EdgeMax EM180 enceintes Offrant la couverture, la clart\u00e9 et la puissance n\u00e9cessaires, que la salle de bal soit am\u00e9nag\u00e9e pour des \u00e9v\u00e9nements professionnels ou des r\u00e9ceptions priv\u00e9es, leur design raffin\u00e9 s'int\u00e8gre harmonieusement au plafond, pr\u00e9servant ainsi l'\u00e9l\u00e9gance visuelle de l'espace.<\/p>\n\n\n\n<p>Gr\u00e2ce au logiciel ControlSpace Designer, TSE a con\u00e7u un syst\u00e8me efficace de combinaison de salles, permettant \u00e0 l\u2019h\u00f4tel d\u2019accueillir simultan\u00e9ment jusqu\u2019\u00e0 six\u00a0\u00e9v\u00e9nements distincts sans interf\u00e9rences ni nuisances sonores entre les espaces reconfigur\u00e9s.\u00a0<\/p>\n<\/div>\n<\/div>\n<\/div>\n<\/section>\n\n\n\n<section id=\"bp_quotes-block\" class=\"section-c414581 cc-sct\">\n<div class=\"bp_content-max-width cc-cntr\">\n<div class=\"div-c4d0b51 bp_case-study-testimonial\">\n<p class=\"bp_quotes-copy-28-22\">\"Le EdgeMax enceintes \u00ab\u00a0Ils nous ont aid\u00e9s \u00e0 r\u00e9soudre les probl\u00e8mes du syst\u00e8me audio de la salle de bal San Jer\u00f3nimo\u00a0; la couverture, les performances et le design esth\u00e9tique sont tr\u00e8s bien int\u00e9gr\u00e9s au plafond de la salle.\u00a0\u00bb<\/p>\n\n\n\n<p class=\"paragraph-c5c9d28\"><strong><strong>\u2014 David Campos<\/strong><br><\/strong> Responsable des syst\u00e8mes audio chez TSE<\/p>\n<\/div>\n<\/div>\n<\/section>\n\n\n\n<section id=\"section-c0e4e5b\" class=\"cc-sct\">\n<div class=\"container-c6b29c9 bp_content-max-width cc-cntr\">\n<div class=\"div-c5d8cbb bp_ltr-image-copy-block bp_rtl-image-copy-block\">\n<div class=\"div-cfe7573 bp_image-copy-block-left\">\n<img loading=\"lazy\" decoding=\"async\" class=\"cc-img\" src=\"https:\/\/assets.boseprofessional.com\/transform\/2859c1e7-c80b-43d2-8abe-dc32d94fcadc\/sanjeronimo_image5-jpeg?io=transform:fill,width:600&amp;format=webp&amp;quality=85\" srcset=\"https:\/\/assets.boseprofessional.com\/transform\/2859c1e7-c80b-43d2-8abe-dc32d94fcadc\/sanjeronimo_image5-jpeg?io=transform:fill,width:600&amp;format=webp&amp;quality=85 600w, https:\/\/assets.boseprofessional.com\/transform\/2859c1e7-c80b-43d2-8abe-dc32d94fcadc\/sanjeronimo_image5-jpeg?io=transform:fill,width:150&amp;quality=85 150w, https:\/\/assets.boseprofessional.com\/transform\/2859c1e7-c80b-43d2-8abe-dc32d94fcadc\/sanjeronimo_image5-jpeg?io=transform:fill,width:300&amp;quality=85 300w, https:\/\/assets.boseprofessional.com\/transform\/2859c1e7-c80b-43d2-8abe-dc32d94fcadc\/sanjeronimo_image5-jpeg?io=transform:fill,width:480&amp;quality=85 480w, https:\/\/assets.boseprofessional.com\/transform\/2859c1e7-c80b-43d2-8abe-dc32d94fcadc\/sanjeronimo_image5-jpeg?io=transform:fill,width:100&amp;quality=85 100w\" sizes=\"auto, (max-width: 600px) 100vw, 600px\" width=\"600\" height=\"403\" alt=\"L\u2019une des deux\u00a0vastes terrasses du Plaza San Jer\u00f3nimo\" \"lazy\">\n\n\n\n<div class=\"bp_spacer-40\"><\/div>\n\n\n\n<div class=\"div-c8dbbbc bp_partner-ltr-logo-copy-block\">\n<div class=\"div-ced71cb bp_partner-logo-copy-block-left\">\n<img loading=\"lazy\" decoding=\"async\" class=\"cc-img\" src=\"https:\/\/assets.boseprofessional.com\/transform\/37e2e847-b220-442a-ae6f-188695871032\/tse_logo-png\" srcset=\"https:\/\/assets.boseprofessional.com\/transform\/37e2e847-b220-442a-ae6f-188695871032\/tse_logo-png 316w, https:\/\/assets.boseprofessional.com\/transform\/37e2e847-b220-442a-ae6f-188695871032\/tse_logo-png?io=transform:scale,width:110,height:150 110w, https:\/\/assets.boseprofessional.com\/transform\/37e2e847-b220-442a-ae6f-188695871032\/tse_logo-png?io=transform:scale,width:219,height:300 219w, https:\/\/assets.boseprofessional.com\/transform\/37e2e847-b220-442a-ae6f-188695871032\/tse_logo-png?io=transform:scale,width:73,height:100 73w\" sizes=\"auto, (max-width: 316px) 100vw, 316px\" width=\"316\" height=\"432\" alt=\"Logo de Tecnolog\u00eda en Sistemas Especiales\" \"lazy\">\n<\/div>\n\n\n\n<div class=\"div-c26f6ac bp_partner-logo-copy-block-right\">\n<p class=\"paragraph-c4f3b36\">Tecnolog\u00eda en Sistemas Especiales (TSE) est une entreprise mexicaine bas\u00e9e \u00e0 Guadalajara. Elle se sp\u00e9cialise dans l'int\u00e9gration de syst\u00e8mes informatiques, de vid\u00e9osurveillance et de solutions audiovisuelles pour les entreprises, les h\u00f4tels, les commerces et les projets r\u00e9sidentiels.<\/p>\n<\/div>\n<\/div>\n<\/div>\n\n\n\n<div class=\"div-ced5e7b bp_image-copy-block-right\">\n<p>Ce syst\u00e8me comprend six ControlSpace WP22BU-D Dante Des plaques murales permettent de connecter des microphones, des ordinateurs portables, des smartphones ou des lecteurs audio afin de pouvoir utiliser diverses sources audio\u00a0; et sont aliment\u00e9es par un PowerMatch Amplificateur PM8500N et un ControlSpace Processeur audio num\u00e9rique EX-1280C. Ce syst\u00e8me peut \u00eatre g\u00e9r\u00e9 ind\u00e9pendamment sur chaque prise murale ou via un appareil mobile. ControlSpace Logiciel de contr\u00f4le \u00e0 distance \u2014 offrant \u00e0 la direction la possibilit\u00e9 d'acc\u00e9der \u00e0 l'\u00e9tat du syst\u00e8me et de surveiller et contr\u00f4ler l'audio de la salle de bal.<\/p>\n\n\n\n<p>L'h\u00f4tel Galer\u00eda Plaza San Jer\u00f3nimo est dot\u00e9 d'un syst\u00e8me audio qui contribue au confort et \u00e0 l'\u00e9l\u00e9gance dont b\u00e9n\u00e9ficient les clients tout au long de leur s\u00e9jour. L'ambiance sonore est claire, intelligible et homog\u00e8ne, et se diffuse dans tout l'h\u00f4tel, des couloirs au restaurant en passant par le jardin sur le toit.\u00a0<\/p>\n\n\n\n<div>\n<p>La flexibilit\u00e9 et la qualit\u00e9 audio propos\u00e9es aux clients potentiels r\u00e9pondent \u00e0 la grande majorit\u00e9 de leurs besoins pour les conventions, les r\u00e9unions et les f\u00eates priv\u00e9es, gr\u00e2ce \u00e0 un agencement soign\u00e9 et \u00e0 une volont\u00e9 d\u2019offrir une prestation de qualit\u00e9 sup\u00e9rieure.<\/p>\n<\/div>\n<\/div>\n<\/div>\n<\/div>\n<\/section>\n<\/div>\n","protected":false},"featured_media":18409,"template":"","tags":[],"case-study-category":[1300],"class_list":["post-14960","case-studies","type-case-studies","status-publish","has-post-thumbnail","hentry","case-study-category-hospitality"],"acf":[],"_links":{"self":[{"href":"https:\/\/boseprofessional.com\/fr\/wp-json\/wp\/v2\/case-studies\/14960","targetHints":{"allow":["GET"]}}],"collection":[{"href":"https:\/\/boseprofessional.com\/fr\/wp-json\/wp\/v2\/case-studies"}],"about":[{"href":"https:\/\/boseprofessional.com\/fr\/wp-json\/wp\/v2\/types\/case-studies"}],"version-history":[{"count":3,"href":"https:\/\/boseprofessional.com\/fr\/wp-json\/wp\/v2\/case-studies\/14960\/revisions"}],"predecessor-version":[{"id":159433,"href":"https:\/\/boseprofessional.com\/fr\/wp-json\/wp\/v2\/case-studies\/14960\/revisions\/159433"}],"wp:featuredmedia":[{"embeddable":true,"href":"https:\/\/boseprofessional.com\/fr\/wp-json\/wp\/v2\/media\/18409"}],"wp:attachment":[{"href":"https:\/\/boseprofessional.com\/fr\/wp-json\/wp\/v2\/media?parent=14960"}],"wp:term":[{"taxonomy":"post_tag","embeddable":true,"href":"https:\/\/boseprofessional.com\/fr\/wp-json\/wp\/v2\/tags?post=14960"},{"taxonomy":"case-study-category","embeddable":true,"href":"https:\/\/boseprofessional.com\/fr\/wp-json\/wp\/v2\/case-study-category?post=14960"}],"curies":[{"name":"wp","href":"https:\/\/api.w.org\/{rel}","templated":true}]}}